{"id":29317,"date":"2020-05-06T15:44:02","date_gmt":"2020-05-06T13:44:02","guid":{"rendered":"https:\/\/www.mdipime.org\/?page_id=29317"},"modified":"2023-04-19T11:20:23","modified_gmt":"2023-04-19T09:20:23","slug":"ecris-ta-priere","status":"publish","type":"page","link":"https:\/\/mdipime.org\/fr\/ecris-ta-priere\/","title":{"rendered":"Ecris ta pri\u00e8re"},"content":{"rendered":"<div class=\"wpb-content-wrapper\"><p>[vc_row padding_top=\u00a0\u00bb20&Prime; padding_bottom=\u00a0\u00bb20&Prime;][vc_column][vc_custom_heading text=\u00a0\u00bbPRIE AVEC NOUS\u00a0\u00bb font_container=\u00a0\u00bbtag:h2|font_size:30px|text_align:center|color:%23eb0707|line_height:36px\u00a0\u00bb google_fonts=\u00a0\u00bbfont_family:Shadows%20Into%20Light%20Two%3Aregular|font_style:400%20regular%3A400%3Anormal\u00a0\u00bb][vc_column_text]Chaque jour les MdI r\u00e9pandues dans les diff\u00e9rents continents, r\u00e9citent cette pri\u00e8re en demandant au P\u00e8re que son Amour, r\u00e9v\u00e9l\u00e9 en J\u00e9sus-Christ, soit exp\u00e9riment\u00e9 par tous ls hommes et les femmes dans le monde et qu\u2019elles ne manquent pas d\u2019ouviers pour sa Moisson.<\/p>\n<p>Unis-toi \u00e0 nous en disant\u2026<\/p>\n<blockquote><p><strong>La pri\u00e8re missionnaire<\/strong><\/p>\n<p>Seigneur, tu veux que tous les hommes soient sauv\u00e9s<br \/>\net parviennent \u00e0 la connaisance de la V\u00e9rit\u00e9,<br \/>\nEnvoi, nous te prions, des ouviers \u00e0 ta moisson,<br \/>\net donne-leur d\u2019annoncer ta Parole avec assurance,<br \/>\nafin que ton \u00e9vangile se propage et r\u00e9pande ta luumi\u00e8re,<br \/>\net que tous les Hommes te connaissent,<br \/>\nToi le seul vrai Dieu et Celui que tu as envoy\u00e9,<br \/>\nJ\u00e9sus-Christ ton fils et Notre Seigneur,<br \/>\nqui vit et r\u00e8gne pour les si\u00e8cles des si\u00e8cles.<br \/>\nAmen.<\/p><\/blockquote>\n<p>[\/vc_column_text][\/vc_column][\/vc_row][vc_row padding_top=\u00a0\u00bb20&Prime; padding_bottom=\u00a0\u00bb20&Prime;][vc_column][vc_custom_heading text=\u00a0\u00bbECRIS TA PRI\u00c8RE\u00a0\u00bb font_container=\u00a0\u00bbtag:h2|text_align:center\u00a0\u00bb use_theme_fonts=\u00a0\u00bbyes\u00a0\u00bb]\n\t<div  class=\"hr-title hr-full hr-center\" style=\"border-color:#e1e1e1;\"><abbr><i class=\"icon-quote-left\"><\/i> <\/abbr><\/div>[vc_column_text]En remplissant ce formulaire, tu peux envoyer ton intention de pri\u00e8re pour demander une grace particuli\u00e8re ou etre toi-meme un soutien et intercesseur pour tous les missionnaires r\u00e9pandus dans le monde.<\/p>\n<p>Et toutes les intentions de pri\u00e8re qui nous parviendront, nous les offrirons durant la celebration Eucharistique quotidienne tout en gardant la discretion quant \u00e0 leur contenu.[\/vc_column_text]\n<div class=\"wpcf7 no-js\" id=\"wpcf7-f29387-o1\" lang=\"it-IT\" dir=\"ltr\" data-wpcf7-id=\"29387\">\n<div class=\"screen-reader-response\"><p role=\"status\" aria-live=\"polite\" aria-atomic=\"true\"><\/p> <ul><\/ul><\/div>\n<form action=\"\/fr\/wp-json\/wp\/v2\/pages\/29317#wpcf7-f29387-o1\" method=\"post\" class=\"wpcf7-form init\" aria-label=\"Modulo di contatto\" novalidate=\"novalidate\" data-status=\"init\">\n<fieldset class=\"hidden-fields-container\"><input type=\"hidden\" name=\"_wpcf7\" value=\"29387\" \/><input type=\"hidden\" name=\"_wpcf7_version\" value=\"6.1.5\" \/><input type=\"hidden\" name=\"_wpcf7_locale\" value=\"it_IT\" \/><input type=\"hidden\" name=\"_wpcf7_unit_tag\" value=\"wpcf7-f29387-o1\" \/><input type=\"hidden\" name=\"_wpcf7_container_post\" value=\"0\" \/><input type=\"hidden\" name=\"_wpcf7_posted_data_hash\" value=\"\" \/><input type=\"hidden\" name=\"_wpcf7cf_hidden_group_fields\" value=\"[]\" \/><input type=\"hidden\" name=\"_wpcf7cf_hidden_groups\" value=\"[]\" \/><input type=\"hidden\" name=\"_wpcf7cf_visible_groups\" value=\"[]\" \/><input type=\"hidden\" name=\"_wpcf7cf_repeaters\" value=\"[]\" \/><input type=\"hidden\" name=\"_wpcf7cf_steps\" value=\"{}\" \/><input type=\"hidden\" name=\"_wpcf7cf_options\" value=\"{&quot;form_id&quot;:29387,&quot;conditions&quot;:[],&quot;settings&quot;:{&quot;animation&quot;:&quot;yes&quot;,&quot;animation_intime&quot;:200,&quot;animation_outtime&quot;:200,&quot;conditions_ui&quot;:&quot;normal&quot;,&quot;notice_dismissed&quot;:true,&quot;wpcf7cf_settings_saved&quot;:1,&quot;notice_dismissed_rollback-cf7-5.9.5&quot;:true,&quot;notice_dismissed_rollback-cf7-5.9.7&quot;:true,&quot;notice_dismissed_rollback-cf7-6.0&quot;:true,&quot;notice_dismissed_rollback-cf7-6.0.3&quot;:true,&quot;notice_dismissed_rollback-cf7-6.1.1&quot;:true}}\" \/><input type=\"hidden\" name=\"_wpcf7_recaptcha_response\" value=\"\" \/>\n<\/fieldset>\n<div style=\"margin-top:20px; padding:20px; background:#fff;\">\n\t<p style=\"text-align:center; font-weight:700;\"><strong><span style=\"color:#ed0707\">SI TU DESIRES ENVOYER TA PRI\u00c8RE A LE MISSIONNAIRES DE L'IMMACUL\u00c9<\/span><\/strong><br \/>\nRemplis ce formulaire<br \/>\n<span style=\"font-size:12px\">Les espaces marqu\u00e9s par ce cette \u00e9toile (*)sont obligatoires<\/span>\n\t<\/p>\n\t<div class=\"clear\" style=\"margin-top:30px;\">\n\t\t<p class=\"col-md-6\"><span class=\"wpcf7-form-control-wrap\" data-name=\"nome\"><input size=\"40\" maxlength=\"400\" class=\"wpcf7-form-control wpcf7-text wpcf7-validates-as-required\" aria-required=\"true\" aria-invalid=\"false\" placeholder=\"Nom *\" value=\"\" type=\"text\" name=\"nome\" \/><\/span>\n\t\t<\/p>\n\t\t<p class=\"col-md-6\"><span class=\"wpcf7-form-control-wrap\" data-name=\"cognome\"><input size=\"40\" maxlength=\"400\" class=\"wpcf7-form-control wpcf7-text wpcf7-validates-as-required\" aria-required=\"true\" aria-invalid=\"false\" placeholder=\"Pr\u00e9nom *\" value=\"\" type=\"text\" name=\"cognome\" \/><\/span>\n\t\t<\/p>\n\t<\/div>\n\t<div class=\"clear\">\n\t\t<p class=\"col-md-12\"><span class=\"wpcf7-form-control-wrap\" data-name=\"email\"><input size=\"40\" maxlength=\"400\" class=\"wpcf7-form-control wpcf7-email wpcf7-validates-as-required wpcf7-text wpcf7-validates-as-email\" aria-required=\"true\" aria-invalid=\"false\" placeholder=\"Email *\" value=\"\" type=\"email\" name=\"email\" \/><\/span>\n\t\t<\/p>\n\t<\/div>\n\t<div class=\"clear\">\n\t\t<p class=\"col-md-3\"><span class=\"wpcf7-form-control-wrap\" data-name=\"via\"><input size=\"40\" maxlength=\"400\" class=\"wpcf7-form-control wpcf7-text\" aria-invalid=\"false\" placeholder=\"Adresse\" value=\"\" type=\"text\" name=\"via\" \/><\/span>\n\t\t<\/p>\n\t\t<p class=\"col-md-3\"><span class=\"wpcf7-form-control-wrap\" data-name=\"cap\"><input class=\"wpcf7-form-control wpcf7-number wpcf7-validates-as-number\" aria-invalid=\"false\" placeholder=\"Code Postal\" value=\"\" type=\"number\" name=\"cap\" \/><\/span>\n\t\t<\/p>\n\t\t<p class=\"col-md-3\"><span class=\"wpcf7-form-control-wrap\" data-name=\"citta\"><input size=\"40\" maxlength=\"400\" class=\"wpcf7-form-control wpcf7-text\" aria-invalid=\"false\" placeholder=\"Ville\" value=\"\" type=\"text\" name=\"citta\" \/><\/span>\n\t\t<\/p>\n\t\t<p class=\"col-md-3\"><span class=\"wpcf7-form-control-wrap\" data-name=\"provincia\"><input size=\"40\" maxlength=\"400\" class=\"wpcf7-form-control wpcf7-text\" aria-invalid=\"false\" placeholder=\"Province\" value=\"\" type=\"text\" name=\"provincia\" \/><\/span>\n\t\t<\/p>\n\t<\/div>\n\t<p class=\"col-md-12\"><span class=\"wpcf7-form-control-wrap\" data-name=\"preghiera\"><textarea cols=\"40\" rows=\"10\" maxlength=\"2000\" class=\"wpcf7-form-control wpcf7-textarea wpcf7-validates-as-required\" aria-required=\"true\" aria-invalid=\"false\" placeholder=\"Texte de la pri\u00e8re *\" name=\"preghiera\"><\/textarea><\/span>\n\t<\/p>\n\t<p class=\"col-md-12\" style=\"margin-top:20px; margin-bottom:20px;\">\n\t\n\t<\/p>\n\t<p class=\"col-md-12\" style=\"font-size:12px;\"><span class=\"wpcf7-form-control-wrap\" data-name=\"trattamento\"><span class=\"wpcf7-form-control wpcf7-acceptance\"><span class=\"wpcf7-list-item\"><input type=\"checkbox\" name=\"trattamento\" value=\"1\" aria-invalid=\"false\" \/><\/span><\/span><\/span> J\u2019accepte le traitement des donn\u00e9es dans le respect des r\u00e8gles \u00e9tablies par la L\u00e9gislation sur la Privacy et come soulign\u00e9 dans le document <a href=\"\/fr\/privacy-policy\/\" target=\"_blank\">Informative pour le traitement des donn\u00e9es personnelles<\/a> dont j\u2019ai pris acte. (il est important de s\u00e9lectionner la case afin d\u2019envoyer la demande)\n\t<\/p>\n\t<p style=\"text-align:center;\"><input class=\"wpcf7-form-control wpcf7-submit has-spinner\" type=\"submit\" value=\"Invoi\" \/>\n\t<\/p>\n<\/div><p style=\"display: none !important;\" class=\"akismet-fields-container\" data-prefix=\"_wpcf7_ak_\"><label>&#916;<textarea name=\"_wpcf7_ak_hp_textarea\" cols=\"45\" rows=\"8\" maxlength=\"100\"><\/textarea><\/label><input type=\"hidden\" id=\"ak_js_1\" name=\"_wpcf7_ak_js\" value=\"123\"\/><script type=\"text\/javascript\">\n\/* <![CDATA[ *\/\ndocument.getElementById( \"ak_js_1\" ).setAttribute( \"value\", ( new Date() ).getTime() );\n\/* ]]> *\/\n<\/script>\n<\/p><div class=\"wpcf7-response-output\" aria-hidden=\"true\"><\/div>\n<\/form>\n<\/div>\n[\/vc_column][\/vc_row]<\/p>\n<\/div>","protected":false},"excerpt":{"rendered":"<p>[vc_row padding_top=\u00a0\u00bb20&Prime; padding_bottom=\u00a0\u00bb20&Prime;][vc_column][vc_custom_heading text=\u00a0\u00bbPRIE AVEC NOUS\u00a0\u00bb font_container=\u00a0\u00bbtag:h2|font_size:30px|text_align:center|color:%23eb0707|line_height:36px\u00a0\u00bb google_fonts=\u00a0\u00bbfont_family:Shadows%20Into%20Light%20Two%3Aregular|font_style:400%20regular%3A400%3Anormal\u00a0\u00bb][vc_column_text]Chaque jour les MdI r\u00e9pandues dans les diff\u00e9rents continents, r\u00e9citent cette pri\u00e8re en demandant au P\u00e8re que son Amour, r\u00e9v\u00e9l\u00e9 en J\u00e9sus-Christ, soit exp\u00e9riment\u00e9 par tous ls hommes et les femmes dans le monde et qu\u2019elles ne manquent pas d\u2019ouviers pour sa Moisson. Unis-toi \u00e0 nous en disant\u2026 La pri\u00e8re missionnaire Seigneur, tu veux que tous les hommes soient sauv\u00e9s et parviennent \u00e0 la connaisance de la V\u00e9rit\u00e9, Envoi, nous te prions, des ouviers \u00e0 ta moisson, et donne-leur d\u2019annoncer ta Parole avec assurance, afin que ton \u00e9vangile se propage et r\u00e9pande ta luumi\u00e8re, et que tous les Hommes te connaissent, Toi le seul vrai Dieu et Celui que tu as envoy\u00e9, J\u00e9sus-Christ ton fils et Notre Seigneur, qui vit et r\u00e8gne pour les si\u00e8cles des si\u00e8cles. Amen. [\/vc_column_text][\/vc_column][\/vc_row][vc_row padding_top=\u00a0\u00bb20&Prime; padding_bottom=\u00a0\u00bb20&Prime;][vc_column][vc_custom_heading text=\u00a0\u00bbECRIS TA PRI\u00c8RE\u00a0\u00bb font_container=\u00a0\u00bbtag:h2|text_align:center\u00a0\u00bb use_theme_fonts=\u00a0\u00bbyes\u00a0\u00bb][vc_column_text]En remplissant ce formulaire, tu peux envoyer ton intention de pri\u00e8re pour demander une grace particuli\u00e8re ou etre toi-meme un soutien et intercesseur pour tous les missionnaires r\u00e9pandus dans le monde. Et toutes les intentions de pri\u00e8re qui nous parviendront, nous les offrirons durant la celebration Eucharistique quotidienne tout en gardant la discretion quant \u00e0 leur contenu.[\/vc_column_text][\/vc_column][\/vc_row]<\/p>\n","protected":false},"author":6,"featured_media":0,"parent":0,"menu_order":0,"comment_status":"closed","ping_status":"closed","template":"","meta":{"_acf_changed":false,"googlesitekit_rrm_CAow8ovLDA:productID":"","footnotes":""},"class_list":["post-29317","page","type-page","status-publish","hentry"],"acf":[],"aioseo_notices":[],"jetpack_sharing_enabled":true,"_links":{"self":[{"href":"https:\/\/mdipime.org\/fr\/wp-json\/wp\/v2\/pages\/29317","targetHints":{"allow":["GET"]}}],"collection":[{"href":"https:\/\/mdipime.org\/fr\/wp-json\/wp\/v2\/pages"}],"about":[{"href":"https:\/\/mdipime.org\/fr\/wp-json\/wp\/v2\/types\/page"}],"author":[{"embeddable":true,"href":"https:\/\/mdipime.org\/fr\/wp-json\/wp\/v2\/users\/6"}],"replies":[{"embeddable":true,"href":"https:\/\/mdipime.org\/fr\/wp-json\/wp\/v2\/comments?post=29317"}],"version-history":[{"count":0,"href":"https:\/\/mdipime.org\/fr\/wp-json\/wp\/v2\/pages\/29317\/revisions"}],"wp:attachment":[{"href":"https:\/\/mdipime.org\/fr\/wp-json\/wp\/v2\/media?parent=29317"}],"curies":[{"name":"wp","href":"https:\/\/api.w.org\/{rel}","templated":true}]}}