{"id":29700,"date":"2017-03-31T12:36:05","date_gmt":"2017-03-31T10:36:05","guid":{"rendered":"https:\/\/www.mdipime.org\/vocazione-missionaria\/"},"modified":"2025-05-23T12:20:11","modified_gmt":"2025-05-23T10:20:11","slug":"vocazione-missionaria","status":"publish","type":"page","link":"https:\/\/mdipime.org\/fr\/vocazione-missionaria\/","title":{"rendered":"Vocation Missionnaire"},"content":{"rendered":"<div class=\"wpb-content-wrapper\"><p>[vc_row padding_top=\u00a0\u00bb20&Prime; padding_bottom=\u00a0\u00bb20&Prime;][vc_column][vc_column_text]<\/p>\n<blockquote><p>Missionnaire! Parole myst\u00e9rieuse qui eut le pouvoir magique de dissiper toute incertitude, de susciter de (meilleures) nouveaux espoirs.<\/p>\n<p>Jos\u00e9phine Rodolfi<\/p><\/blockquote>\n<p><strong><em>Voici le secret de chaque vocation: une semence qui tombe sur une bonne terre et qui porte des fruits en abondance. <\/em><\/strong><\/p>\n<p><strong><img decoding=\"async\" class=\"alignleft wp-image-9254\" src=\"https:\/\/www.mdipime.org\/wp-content\/uploads\/2017\/03\/piccolo-seme-300x150.png\" alt=\"piccolo seme\" width=\"100\" height=\"50\" srcset=\"https:\/\/mdipime.org\/wp-content\/uploads\/2017\/03\/piccolo-seme-300x150.png 300w, https:\/\/mdipime.org\/wp-content\/uploads\/2017\/03\/piccolo-seme-768x383.png 768w, https:\/\/mdipime.org\/wp-content\/uploads\/2017\/03\/piccolo-seme-672x335.png 672w, https:\/\/mdipime.org\/wp-content\/uploads\/2017\/03\/piccolo-seme.png 936w\" sizes=\"(max-width: 100px) 100vw, 100px\" \/>UN SEMENCE<\/strong>, c\u2019est-\u00e0-dire, une petite histoire particuli\u00e8re, unique, qui porte d\u00e9j\u00e0 en soi l\u2019essentiel pour toute la vie de la plante. Tout comme l\u2019histoire de chaque s\u0153ur Missionnaire de l\u2019Immacul\u00e9e qui porte, cach\u00e9s en elle, tous les talents et les ressources acquis dans son propre territoire d\u2019origine\u00a0; de l\u2019Italie \u00e0 l\u2019Asie\u00a0; de l\u2019Am\u00e9rique \u00e0 l\u2019Afrique, \u00e0 l\u2019Oc\u00e9anie\u2026 Richesses culturelles diff\u00e9rentes, mais qui ont en commun un m\u00eame appel\u00a0: les r\u00e9pandre sur la terre et les faire fructifier.<\/p>\n<p><strong><img decoding=\"async\" class=\"alignleft wp-image-9257\" src=\"https:\/\/www.mdipime.org\/wp-content\/uploads\/2017\/03\/terra-buona-249x300.png\" alt=\"seme che cade in terra buona\" width=\"83\" height=\"100\" srcset=\"https:\/\/mdipime.org\/wp-content\/uploads\/2017\/03\/terra-buona-249x300.png 249w, https:\/\/mdipime.org\/wp-content\/uploads\/2017\/03\/terra-buona-768x926.png 768w, https:\/\/mdipime.org\/wp-content\/uploads\/2017\/03\/terra-buona-850x1024.png 850w, https:\/\/mdipime.org\/wp-content\/uploads\/2017\/03\/terra-buona-672x810.png 672w, https:\/\/mdipime.org\/wp-content\/uploads\/2017\/03\/terra-buona.png 906w\" sizes=\"(max-width: 83px) 100vw, 83px\" \/><\/strong><strong>QUI TOMBE SUR UNE BONNE TERRE<\/strong>, c\u2019est-\u00e0-dire, une semence qui arrive \u00e0 avoir toutes les conditions n\u00e9cessaires pour cro\u00eetre, un terrain qui soit capable d\u2019accueillir les racines, qui ne soit pas aride et st\u00e9rile, et qui n\u2019ait pas les ronces qui peuvent \u00e9touffer la plante&#8230; Une semence qui rencontre ce qui, dans la vie de chaque la Missionnaire de l\u2019Immacul\u00e9e, est l\u2019unique bon terrain\u00a0: celui de la Parole de Dieu et d\u2019une rencontre vive avec J\u00e9sus pr\u00e9sent dans le quotidien. C\u2019est le contact permanent avec la Parole de Dieu qui permet \u00e0 chaque Missionnaire de l\u2019Immacul\u00e9e, dans n\u2019importe quelle \u00a0partie du monde elle se trouve, de se conna\u00eetre plus profond\u00e9ment, de d\u00e9couvrir son propre appel, de travailler et de cro\u00eetre pour se pr\u00e9parer au don de sa vie.<\/p>\n<p><strong><img decoding=\"async\" class=\"alignleft wp-image-9260\" src=\"https:\/\/www.mdipime.org\/wp-content\/uploads\/2017\/03\/frutto-pienezza-275x300.png\" alt=\"frutti in pienezza\" width=\"92\" height=\"100\" srcset=\"https:\/\/mdipime.org\/wp-content\/uploads\/2017\/03\/frutto-pienezza-275x300.png 275w, https:\/\/mdipime.org\/wp-content\/uploads\/2017\/03\/frutto-pienezza-768x837.png 768w, https:\/\/mdipime.org\/wp-content\/uploads\/2017\/03\/frutto-pienezza-939x1024.png 939w, https:\/\/mdipime.org\/wp-content\/uploads\/2017\/03\/frutto-pienezza-672x733.png 672w, https:\/\/mdipime.org\/wp-content\/uploads\/2017\/03\/frutto-pienezza-1038x1132.png 1038w, https:\/\/mdipime.org\/wp-content\/uploads\/2017\/03\/frutto-pienezza.png 1139w\" sizes=\"(max-width: 92px) 100vw, 92px\" \/><\/strong><strong>ET PORTE DES FRUITS EN ABBONDANCE.<\/strong>La Missionnaire de l\u2019Immacul\u00e9e se trouve \u00a0en effet, par appel et par choix\u00a0\u2018\u2018pour toute la vie, avec toute la vie\u2019\u2019 dans des territoires \u00e9loign\u00e9s de son propre pays d\u2019origine, pour proclamer l\u2019\u00e9vangile avec le c\u0153ur rempli d\u2019un grand d\u00e9sir\u00a0: faire d\u00e9couvrir J\u00e9sus-Christ \u00e0 qui ne le connait pas encore. Chaque Missionnaire de l\u2019Immacul\u00e9e dans les cinq continents exp\u00e9rimente la disproportion des fruits r\u00e9colt\u00e9s (trente, soixante, cent pour un\u00a0\u2026)\u00a0dans les activit\u00e9s d\u2019animation missionnaire, dans la pastorale de l\u2019\u00e9glise locale, dans l\u2019\u00e9vang\u00e9lisation des villages, dans les \u00e9coles, dans les centres de broderie et de couture, dans les h\u00f4pitaux, dans la proximit\u00e9 aux peuples autochtones\u2026<\/p>\n<blockquote><p>Dieu est tout et tout est dans les mains de Dieu. S\u2019il le veut, il ouvrira la voie, enl\u00e8vera toute difficult\u00e9; mieux, il donnera la force pour les affronter sans reculer.<\/p>\n<p>M\u00e8re Jos\u00e9phine Dones<\/p><\/blockquote>\n<p><strong>Veux-tu conna\u00eetre quelque chose en plus sur l\u2019histoire des S\u0153urs Missionnaires de l\u2019Immacul\u00e9e dans les diverses parties du monde? Veux-tu d\u00e9couvrir quelque chose de leur vocation ? Voici ci-dessous quelques-unes d\u2019entre elles\u2026<\/strong><\/p>\n<p>[\/vc_column_text][vc_custom_heading text=\u00a0\u00bbDerniers t\u00e9moignages\u00a0\u00bb font_container=\u00a0\u00bbtag:h4|font_size:30px|text_align:center|color:%23eb0707|line_height:36px\u00a0\u00bb google_fonts=\u00a0\u00bbfont_family:Shadows%20Into%20Light%20Two%3Aregular|font_style:400%20regular%3A400%3Anormal\u00a0\u00bb][vc_separator]\n\t<div class=\"kleo-carousel-container home-box-news\">\n\t\t<div class=\"kleo-carousel-items kleo-carousel-post\" data-min-items=\"2\" data-max-items=\"2\" data-autoplay=\"true\">\n\t\t\t<ul class=\"kleo-carousel\">\n\n\t\t\t\t\n<li id=\"post-53797\" class=\"post-item col-sm-4 post-53797 post type-post status-publish format-standard has-post-thumbnail hentry category-testimonianze-missionarie-fr category-vie-missionnaire\">\n    <article>\n\n\t\t<div class=\"post-image\"><a href=\"https:\/\/mdipime.org\/fr\/vie-missionnaire\/soeur-beatrice-tchi-ignabe\/\" class=\"element-wrap\"><img decoding=\"async\" width=\"480\" height=\"270\" src=\"https:\/\/mdipime.org\/wp-content\/uploads\/2023\/05\/beatriz3-480x270.jpg\" class=\"attachment-kleo-post-gallery size-kleo-post-gallery wp-post-image\" alt=\"s\u0153ur B\u00e9atrice TCHI.IGNABE\" \/><span class=\"hover-element\"><i>+<\/i><\/span><\/a><\/div><!--end post-image-->\n        <div class=\"entry-content\">\n            <h4 class=\"post-title entry-title\"><a href=\"https:\/\/mdipime.org\/fr\/vie-missionnaire\/soeur-beatrice-tchi-ignabe\/\">S\u0153ur B\u00e9atrice TCHI.IGNABE<\/a><\/h4>\n\n            <span class=\"post-meta hidden hide\">\n                <small><a href=\"https:\/\/mdipime.org\/fr\/vie-missionnaire\/soeur-beatrice-tchi-ignabe\/\" rel=\"bookmark\" class=\"post-time\"><time class=\"entry-date\" datetime=\"2023-05-18T17:03:12+02:00\">18\/05\/2023<\/time><time class=\"modify-date hide hidden updated\" datetime=\"2023-05-18T17:03:12+02:00\">18\/05\/2023<\/time><\/a><\/small>, <small class=\"meta-category\"><a href=\"https:\/\/mdipime.org\/fr\/categoria\/testimonianze-missionarie-fr\/\" rel=\"category tag\">T\u00e9moignages missionaires<\/a>, <a href=\"https:\/\/mdipime.org\/fr\/categoria\/vie-missionnaire\/\" rel=\"category tag\">Vie Missionnaire<\/a><\/small>            <\/span>\n\n\t\t\t                <hr>\n                <div class=\"entry-summary\">\n\t\t\t\t\t<p>Je m\u2019appelle s\u0153ur B\u00e9atrice TCHI.IGNABE, n\u00e9e le 10\/02\/1985 \u00e0 M\u00e9ri dans la R\u00e9gion de l\u2019Extr\u00eame-Nord Cameroun. J\u2019appartiens \u00e0 une famille chr\u00e9tienne catholique de huit enfants, dont je suis deuxi\u00e8me. J\u2019ai grandi dans la ville de Lagdo toujours au Nord Cameroun, o\u00f9 j\u2019ai rencontr\u00e9 les S\u0153urs Missionnaires de l\u2019Immacul\u00e9e-PIME dans ma paroisse. J\u2019ai \u00e9t\u00e9 passionn\u00e9e par le ser...<\/p>                <\/div><!-- .entry-summary -->\n\t\t\t        <\/div><!--end post-info-->\n\n    <\/article>\n<\/li>\n<li id=\"post-37557\" class=\"post-item col-sm-4 post-37557 post type-post status-publish format-standard has-post-thumbnail hentry category-testimonianze-missionarie-fr category-vie-missionnaire tag-guinee-bissau tag-italie\">\n    <article>\n\n\t\t<div class=\"post-image\"><a href=\"https:\/\/mdipime.org\/fr\/vie-missionnaire\/gratuitamente-avete-ricevuto\/\" class=\"element-wrap\"><img decoding=\"async\" width=\"152\" height=\"270\" src=\"https:\/\/mdipime.org\/wp-content\/uploads\/2020\/10\/943a9929-e8a6-4a76-8c40-c165b0fb9091.jpg\" class=\"attachment-kleo-post-gallery size-kleo-post-gallery wp-post-image\" alt=\"\" srcset=\"https:\/\/mdipime.org\/wp-content\/uploads\/2020\/10\/943a9929-e8a6-4a76-8c40-c165b0fb9091.jpg 581w, https:\/\/mdipime.org\/wp-content\/uploads\/2020\/10\/943a9929-e8a6-4a76-8c40-c165b0fb9091-169x300.jpg 169w, https:\/\/mdipime.org\/wp-content\/uploads\/2020\/10\/943a9929-e8a6-4a76-8c40-c165b0fb9091-576x1024.jpg 576w\" sizes=\"(max-width: 152px) 100vw, 152px\" \/><span class=\"hover-element\"><i>+<\/i><\/span><\/a><\/div><!--end post-image-->\n        <div class=\"entry-content\">\n            <h4 class=\"post-title entry-title\"><a href=\"https:\/\/mdipime.org\/fr\/vie-missionnaire\/gratuitamente-avete-ricevuto\/\">\u2026Vous avez re\u00e7u gratuitement<\/a><\/h4>\n\n            <span class=\"post-meta hidden hide\">\n                <small><a href=\"https:\/\/mdipime.org\/fr\/vie-missionnaire\/gratuitamente-avete-ricevuto\/\" rel=\"bookmark\" class=\"post-time\"><time class=\"entry-date\" datetime=\"2021-05-07T11:36:39+02:00\">07\/05\/2021<\/time><time class=\"modify-date hide hidden updated\" datetime=\"2021-06-10T16:44:20+02:00\">10\/06\/2021<\/time><\/a><\/small>, <small class=\"meta-category\"><a href=\"https:\/\/mdipime.org\/fr\/categoria\/testimonianze-missionarie-fr\/\" rel=\"category tag\">T\u00e9moignages missionaires<\/a>, <a href=\"https:\/\/mdipime.org\/fr\/categoria\/vie-missionnaire\/\" rel=\"category tag\">Vie Missionnaire<\/a>, <a href=\"https:\/\/mdipime.org\/fr\/tag\/guinee-bissau\/\" rel=\"tag\">Guin\u00e9e-Bissau<\/a>, <a href=\"https:\/\/mdipime.org\/fr\/tag\/italie\/\" rel=\"tag\">Italie<\/a><\/small>            <\/span>\n\n\t\t\t                <hr>\n                <div class=\"entry-summary\">\n\t\t\t\t\t<p>Sr Anna Marini, italienne envoy\u00e9e en mission en Guin\u00e9e-Bissau, partage avec nous la joie de son d\u00e9part et son sentiment de gratitude pour tout ce qu\u2019elle a re\u00e7u. Dans mon coeur, en ces jours, un enchev\u00eatrement d\u2019\u00e9motions ! Mais parmi toutes, pr\u00e9vaut la JOIE, celle qui me pousse vraiment \u00e0 prendre mes bagages et \u00e0 partir, me laissant \u201clancer\u201d par l\u2019affection des uns et des autres...<\/p>                <\/div><!-- .entry-summary -->\n\t\t\t        <\/div><!--end post-info-->\n\n    <\/article>\n<\/li>\n<li id=\"post-30556\" class=\"post-item col-sm-4 post-30556 post type-post status-publish format-standard has-post-thumbnail hentry category-testimonianze-missionarie-fr tag-bangladesh-fr tag-cameroun\">\n    <article>\n\n\t\t<div class=\"post-image\"><a href=\"https:\/\/mdipime.org\/fr\/testimonianze-missionarie-fr\/sr-lina-baroi\/\" class=\"element-wrap\"><img decoding=\"async\" width=\"360\" height=\"270\" src=\"https:\/\/mdipime.org\/wp-content\/uploads\/2020\/05\/IMG-20191204-WA0002.jpg\" class=\"attachment-kleo-post-gallery size-kleo-post-gallery wp-post-image\" alt=\"\" srcset=\"https:\/\/mdipime.org\/wp-content\/uploads\/2020\/05\/IMG-20191204-WA0002.jpg 1280w, https:\/\/mdipime.org\/wp-content\/uploads\/2020\/05\/IMG-20191204-WA0002-300x225.jpg 300w, https:\/\/mdipime.org\/wp-content\/uploads\/2020\/05\/IMG-20191204-WA0002-768x576.jpg 768w, https:\/\/mdipime.org\/wp-content\/uploads\/2020\/05\/IMG-20191204-WA0002-1024x768.jpg 1024w, https:\/\/mdipime.org\/wp-content\/uploads\/2020\/05\/IMG-20191204-WA0002-672x504.jpg 672w, https:\/\/mdipime.org\/wp-content\/uploads\/2020\/05\/IMG-20191204-WA0002-1038x779.jpg 1038w\" sizes=\"(max-width: 360px) 100vw, 360px\" \/><span class=\"hover-element\"><i>+<\/i><\/span><\/a><\/div><!--end post-image-->\n        <div class=\"entry-content\">\n            <h4 class=\"post-title entry-title\"><a href=\"https:\/\/mdipime.org\/fr\/testimonianze-missionarie-fr\/sr-lina-baroi\/\">Sr. Lina Baroi<\/a><\/h4>\n\n            <span class=\"post-meta hidden hide\">\n                <small><a href=\"https:\/\/mdipime.org\/fr\/testimonianze-missionarie-fr\/sr-lina-baroi\/\" rel=\"bookmark\" class=\"post-time\"><time class=\"entry-date\" datetime=\"2020-06-01T18:39:27+02:00\">01\/06\/2020<\/time><time class=\"modify-date hide hidden updated\" datetime=\"2020-06-01T18:39:27+02:00\">01\/06\/2020<\/time><\/a><\/small>, <small class=\"meta-category\"><a href=\"https:\/\/mdipime.org\/fr\/categoria\/testimonianze-missionarie-fr\/\" rel=\"category tag\">T\u00e9moignages missionaires<\/a>, <a href=\"https:\/\/mdipime.org\/fr\/tag\/bangladesh-fr\/\" rel=\"tag\">Bangladesh<\/a>, <a href=\"https:\/\/mdipime.org\/fr\/tag\/cameroun\/\" rel=\"tag\">Cameroun<\/a><\/small>            <\/span>\n\n\t\t\t                <hr>\n                <div class=\"entry-summary\">\n\t\t\t\t\t<p>Sr. Lina Baroi, bengali, nous raconte l'histoire de sa vocation, peut-\u00eatre un peu \u00e9tonnante\u2026les surprises que Dieu fait ! <\/p>                <\/div><!-- .entry-summary -->\n\t\t\t        <\/div><!--end post-info-->\n\n    <\/article>\n<\/li>\n<li id=\"post-29504\" class=\"post-item col-sm-4 post-29504 post type-post status-publish format-standard has-post-thumbnail hentry category-testimonianze-missionarie-fr tag-bangladesh-fr tag-italie\">\n    <article>\n\n\t\t<div class=\"post-image\"><a href=\"https:\/\/mdipime.org\/fr\/testimonianze-missionarie-fr\/sr-silvia-leoni\/\" class=\"element-wrap\"><img decoding=\"async\" width=\"263\" height=\"270\" src=\"https:\/\/mdipime.org\/wp-content\/uploads\/2020\/03\/IMG-20200117-WA0003-tagliata.jpg\" class=\"attachment-kleo-post-gallery size-kleo-post-gallery wp-post-image\" alt=\"\" srcset=\"https:\/\/mdipime.org\/wp-content\/uploads\/2020\/03\/IMG-20200117-WA0003-tagliata.jpg 1184w, https:\/\/mdipime.org\/wp-content\/uploads\/2020\/03\/IMG-20200117-WA0003-tagliata-292x300.jpg 292w, https:\/\/mdipime.org\/wp-content\/uploads\/2020\/03\/IMG-20200117-WA0003-tagliata-768x789.jpg 768w, https:\/\/mdipime.org\/wp-content\/uploads\/2020\/03\/IMG-20200117-WA0003-tagliata-996x1024.jpg 996w, https:\/\/mdipime.org\/wp-content\/uploads\/2020\/03\/IMG-20200117-WA0003-tagliata-672x691.jpg 672w, https:\/\/mdipime.org\/wp-content\/uploads\/2020\/03\/IMG-20200117-WA0003-tagliata-1038x1067.jpg 1038w\" sizes=\"(max-width: 263px) 100vw, 263px\" \/><span class=\"hover-element\"><i>+<\/i><\/span><\/a><\/div><!--end post-image-->\n        <div class=\"entry-content\">\n            <h4 class=\"post-title entry-title\"><a href=\"https:\/\/mdipime.org\/fr\/testimonianze-missionarie-fr\/sr-silvia-leoni\/\">sr. Silvia Leoni<\/a><\/h4>\n\n            <span class=\"post-meta hidden hide\">\n                <small><a href=\"https:\/\/mdipime.org\/fr\/testimonianze-missionarie-fr\/sr-silvia-leoni\/\" rel=\"bookmark\" class=\"post-time\"><time class=\"entry-date\" datetime=\"2020-03-17T11:53:28+01:00\">17\/03\/2020<\/time><time class=\"modify-date hide hidden updated\" datetime=\"2020-05-06T22:16:06+02:00\">06\/05\/2020<\/time><\/a><\/small>, <small class=\"meta-category\"><a href=\"https:\/\/mdipime.org\/fr\/categoria\/testimonianze-missionarie-fr\/\" rel=\"category tag\">T\u00e9moignages missionaires<\/a>, <a href=\"https:\/\/mdipime.org\/fr\/tag\/bangladesh-fr\/\" rel=\"tag\">Bangladesh<\/a>, <a href=\"https:\/\/mdipime.org\/fr\/tag\/italie\/\" rel=\"tag\">Italie<\/a><\/small>            <\/span>\n\n\t\t\t                <hr>\n                <div class=\"entry-summary\">\n\t\t\t\t\t<p>Sorpresa da una quotidianit\u00e0 che rivela qualcosa di 'straordinario'...Ecco la vita di sr. Silvia, che ci racconta qualcosa delle ragioni che l'hanno portata dall'Italia al Bangladesh, in una vita dedicata al Signore e alla missione!<\/p>                <\/div><!-- .entry-summary -->\n\t\t\t        <\/div><!--end post-info-->\n\n    <\/article>\n<\/li>\n\t\t\t<\/ul>\n\t\t<\/div>\n\t\t<div class=\"carousel-arrow\">\n\t\t\t<a class=\"carousel-prev\" href=\"#\"><i class=\"icon-angle-left\"><\/i><\/a>\n\t\t\t<a class=\"carousel-next\" href=\"#\"><i class=\"icon-angle-right\"><\/i><\/a>\n\t\t<\/div>\n\t\t<div class=\"kleo-carousel-post-pager carousel-pager\"><\/div>\n\t<\/div><!--end carousel-container-->\n\n<div class=\"text-center\"><a class=\"btn sac-btn no-border-radius btn-default btn-xl\" href=\"\/fr\/categoria\/testimonianze-missionarie\/\" style=\"border: none !important;\">Voir tout<\/a><\/div>[\/vc_column][\/vc_row][vc_row][vc_column][\/vc_column][\/vc_row][vc_row][vc_column][vc_column_text]<\/p>\n<p>[\/vc_column_text][\/vc_column][\/vc_row]<\/p>\n<\/div>","protected":false},"excerpt":{"rendered":"<p>[vc_row padding_top=\u00a0\u00bb20&Prime; padding_bottom=\u00a0\u00bb20&Prime;][vc_column][vc_column_text] Missionnaire! Parole myst\u00e9rieuse qui eut le pouvoir magique de dissiper toute incertitude, de susciter de (meilleures) nouveaux espoirs. Jos\u00e9phine Rodolfi Voici le secret de chaque vocation: une semence qui tombe sur une bonne terre et qui porte des fruits en abondance. UN SEMENCE, c\u2019est-\u00e0-dire, une petite histoire particuli\u00e8re, unique, qui porte d\u00e9j\u00e0 en soi l\u2019essentiel pour toute la vie de la plante. Tout comme l\u2019histoire de chaque s\u0153ur Missionnaire de l\u2019Immacul\u00e9e qui porte, cach\u00e9s en elle, tous les talents et les ressources acquis dans son propre territoire d\u2019origine\u00a0; de l\u2019Italie \u00e0 l\u2019Asie\u00a0; de l\u2019Am\u00e9rique \u00e0 l\u2019Afrique, \u00e0 l\u2019Oc\u00e9anie\u2026 Richesses culturelles diff\u00e9rentes, mais qui ont en commun un m\u00eame appel\u00a0: les r\u00e9pandre sur la terre et les faire fructifier. QUI TOMBE SUR UNE BONNE TERRE, c\u2019est-\u00e0-dire, une semence qui arrive \u00e0 avoir toutes les conditions n\u00e9cessaires pour cro\u00eetre, un terrain qui soit capable d\u2019accueillir les racines, qui ne soit pas aride et st\u00e9rile, et qui n\u2019ait pas les ronces qui peuvent \u00e9touffer la plante&#8230; Une semence qui rencontre ce qui, dans la vie de chaque la Missionnaire de l\u2019Immacul\u00e9e, est l\u2019unique bon terrain\u00a0: celui de la Parole de Dieu et d\u2019une rencontre vive avec J\u00e9sus pr\u00e9sent dans le quotidien. C\u2019est le contact permanent avec la Parole de Dieu qui permet \u00e0 chaque Missionnaire de l\u2019Immacul\u00e9e, dans n\u2019importe quelle \u00a0partie du monde elle se trouve, de se conna\u00eetre plus profond\u00e9ment, de d\u00e9couvrir son propre appel, de travailler et de cro\u00eetre pour se pr\u00e9parer au don de sa vie. ET PORTE DES FRUITS EN ABBONDANCE.La Missionnaire de l\u2019Immacul\u00e9e se trouve \u00a0en effet, par appel et par choix\u00a0\u2018\u2018pour toute la vie, avec toute la vie\u2019\u2019 dans des territoires \u00e9loign\u00e9s de son propre pays d\u2019origine, pour proclamer l\u2019\u00e9vangile avec le c\u0153ur rempli d\u2019un grand d\u00e9sir\u00a0: faire d\u00e9couvrir J\u00e9sus-Christ \u00e0 qui ne le connait pas encore. Chaque Missionnaire de l\u2019Immacul\u00e9e dans les cinq continents exp\u00e9rimente la disproportion des fruits r\u00e9colt\u00e9s (trente, soixante, cent pour un\u00a0\u2026)\u00a0dans les activit\u00e9s d\u2019animation missionnaire, dans la pastorale de l\u2019\u00e9glise locale, dans l\u2019\u00e9vang\u00e9lisation des villages, dans les \u00e9coles, dans les centres de broderie et de couture, dans les h\u00f4pitaux, dans la proximit\u00e9 aux peuples autochtones\u2026 Dieu est tout et tout est dans les mains de Dieu. S\u2019il le veut, il ouvrira la voie, enl\u00e8vera toute difficult\u00e9; mieux, il donnera la force pour les affronter sans reculer. M\u00e8re Jos\u00e9phine Dones Veux-tu conna\u00eetre quelque chose en plus sur l\u2019histoire des S\u0153urs Missionnaires de l\u2019Immacul\u00e9e dans les diverses parties du monde? Veux-tu d\u00e9couvrir quelque chose de leur vocation ? Voici ci-dessous quelques-unes d\u2019entre elles\u2026 [\/vc_column_text][vc_custom_heading text=\u00a0\u00bbDerniers t\u00e9moignages\u00a0\u00bb font_container=\u00a0\u00bbtag:h4|font_size:30px|text_align:center|color:%23eb0707|line_height:36px\u00a0\u00bb google_fonts=\u00a0\u00bbfont_family:Shadows%20Into%20Light%20Two%3Aregular|font_style:400%20regular%3A400%3Anormal\u00a0\u00bb][vc_separator][\/vc_column][\/vc_row][vc_row][vc_column][\/vc_column][\/vc_row][vc_row][vc_column][vc_column_text] [\/vc_column_text][\/vc_column][\/vc_row]<\/p>\n","protected":false},"author":14,"featured_media":0,"parent":0,"menu_order":0,"comment_status":"closed","ping_status":"closed","template":"","meta":{"_acf_changed":false,"googlesitekit_rrm_CAow8ovLDA:productID":"","footnotes":""},"class_list":["post-29700","page","type-page","status-publish","hentry"],"acf":[],"aioseo_notices":[],"jetpack_sharing_enabled":true,"_links":{"self":[{"href":"https:\/\/mdipime.org\/fr\/wp-json\/wp\/v2\/pages\/29700","targetHints":{"allow":["GET"]}}],"collection":[{"href":"https:\/\/mdipime.org\/fr\/wp-json\/wp\/v2\/pages"}],"about":[{"href":"https:\/\/mdipime.org\/fr\/wp-json\/wp\/v2\/types\/page"}],"author":[{"embeddable":true,"href":"https:\/\/mdipime.org\/fr\/wp-json\/wp\/v2\/users\/14"}],"replies":[{"embeddable":true,"href":"https:\/\/mdipime.org\/fr\/wp-json\/wp\/v2\/comments?post=29700"}],"version-history":[{"count":0,"href":"https:\/\/mdipime.org\/fr\/wp-json\/wp\/v2\/pages\/29700\/revisions"}],"wp:attachment":[{"href":"https:\/\/mdipime.org\/fr\/wp-json\/wp\/v2\/media?parent=29700"}],"curies":[{"name":"wp","href":"https:\/\/api.w.org\/{rel}","templated":true}]}}