{"id":8829,"date":"2017-05-11T12:42:49","date_gmt":"2017-05-11T10:42:49","guid":{"rendered":"https:\/\/www.mdipime.org\/scrivi-la-tua-preghiera\/"},"modified":"2024-03-22T13:37:35","modified_gmt":"2024-03-22T12:37:35","slug":"escreva-sua-oracao","status":"publish","type":"page","link":"https:\/\/mdipime.org\/pt-br\/escreva-sua-oracao\/","title":{"rendered":"Escreva sua ora\u00e7\u00e3o"},"content":{"rendered":"<div class=\"wpb-content-wrapper\"><p>[vc_row padding_top=&#8221;20&#8243; padding_bottom=&#8221;20&#8243;][vc_column][vc_custom_heading text=&#8221;REZE CONOSCO&#8221; font_container=&#8221;tag:h2|font_size:30px|text_align:center|color:%23eb0707|line_height:36px&#8221; google_fonts=&#8221;font_family:Shadows%20Into%20Light%20Two%3Aregular|font_style:400%20regular%3A400%3Anormal&#8221;][vc_column_text]Todos os dias as MdI espalhadas nos v\u00e1rios continentes recitam esta ora\u00e7\u00e3o pedindo ao Pai para que seu Amor, revelado em Jesus Cristo, seja experimentado por todos os homens e mulheres do mundo e que n\u00e3o faltem oper\u00e1rios para a Sua messe.<\/p>\n<p>Una-se a n\u00f3s rezando\u2026<\/p>\n<blockquote><p><strong>A Ora\u00e7\u00e3o mission\u00e1ria<\/strong><\/p>\n<p>\u00d3 Deus que desejais alcancem todos os povos a salva\u00e7\u00e3o<br \/>\ne cheguem ao conhecimento da vossa Palavra;<br \/>\nenviai, n\u00f3s vos pedimos,<br \/>\nmulheres e homens ardorosos<br \/>\nque anunciem com f\u00e9, esperan\u00e7a e amor a Boa Nova de Jesus,<br \/>\na fim de que a sua mensagem seja divulgada e vivida<br \/>\ne assim todas as na\u00e7\u00f5es saibam que sois o Deus da vida,<br \/>\nVos pedimos por Jesus vosso Filho e nosso Senhor,<br \/>\no mission\u00e1rio que enviastes;<br \/>\npelo Esp\u00edrito Santo, o protagonista da miss\u00e3o<br \/>\ne atrav\u00e9s de Maria, a Estrela da evangeliza\u00e7\u00e3o.<br \/>\nAm\u00e9m.<\/p><\/blockquote>\n<p>[\/vc_column_text][\/vc_column][\/vc_row][vc_row padding_top=&#8221;20&#8243; padding_bottom=&#8221;20&#8243;][vc_column][vc_custom_heading text=&#8221;ESCREVA SUA ORA\u00c7\u00c3O&#8221; font_container=&#8221;tag:h2|text_align:center&#8221; use_theme_fonts=&#8221;yes&#8221;]\n\t<div  class=\"hr-title hr-full hr-center\" style=\"border-color:#e1e1e1;\"><abbr><i class=\"icon-quote-left\"><\/i> <\/abbr><\/div>[vc_column_text]Ao preencher este formul\u00e1rio pode nos enviar sua inten\u00e7\u00e3o de ora\u00e7\u00e3o para pedir uma gra\u00e7a especial ou para voc\u00ea mesmo rezar para os mission\u00e1rios e mission\u00e1rias presentes ao redor do mundo.<\/p>\n<p>Apresentaremos todas as inten\u00e7\u00f5es durante a celebra\u00e7\u00e3o eucaristica cotidiana e deixaremos as informa\u00e7\u00f5es que voc\u00ea nos enviou reservadas.[\/vc_column_text]\n<div class=\"wpcf7 no-js\" id=\"wpcf7-f7759-o1\" lang=\"it-IT\" dir=\"ltr\" data-wpcf7-id=\"7759\">\n<div class=\"screen-reader-response\"><p role=\"status\" aria-live=\"polite\" aria-atomic=\"true\"><\/p> <ul><\/ul><\/div>\n<form action=\"\/pt-br\/wp-json\/wp\/v2\/pages\/8829#wpcf7-f7759-o1\" method=\"post\" class=\"wpcf7-form init\" aria-label=\"Modulo di contatto\" novalidate=\"novalidate\" data-status=\"init\">\n<fieldset class=\"hidden-fields-container\"><input type=\"hidden\" name=\"_wpcf7\" value=\"7759\" \/><input type=\"hidden\" name=\"_wpcf7_version\" value=\"6.1.5\" \/><input type=\"hidden\" name=\"_wpcf7_locale\" value=\"it_IT\" \/><input type=\"hidden\" name=\"_wpcf7_unit_tag\" value=\"wpcf7-f7759-o1\" \/><input type=\"hidden\" name=\"_wpcf7_container_post\" value=\"0\" \/><input type=\"hidden\" name=\"_wpcf7_posted_data_hash\" value=\"\" \/><input type=\"hidden\" name=\"_wpcf7cf_hidden_group_fields\" value=\"[]\" \/><input type=\"hidden\" name=\"_wpcf7cf_hidden_groups\" value=\"[]\" \/><input type=\"hidden\" name=\"_wpcf7cf_visible_groups\" value=\"[]\" \/><input type=\"hidden\" name=\"_wpcf7cf_repeaters\" value=\"[]\" \/><input type=\"hidden\" name=\"_wpcf7cf_steps\" value=\"{}\" \/><input type=\"hidden\" name=\"_wpcf7cf_options\" value=\"{&quot;form_id&quot;:7759,&quot;conditions&quot;:[],&quot;settings&quot;:{&quot;animation&quot;:&quot;yes&quot;,&quot;animation_intime&quot;:200,&quot;animation_outtime&quot;:200,&quot;conditions_ui&quot;:&quot;normal&quot;,&quot;notice_dismissed&quot;:true,&quot;wpcf7cf_settings_saved&quot;:1,&quot;notice_dismissed_rollback-cf7-5.9.5&quot;:true,&quot;notice_dismissed_rollback-cf7-5.9.7&quot;:true,&quot;notice_dismissed_rollback-cf7-6.0&quot;:true,&quot;notice_dismissed_rollback-cf7-6.0.3&quot;:true,&quot;notice_dismissed_rollback-cf7-6.1.1&quot;:true}}\" \/><input type=\"hidden\" name=\"_wpcf7_recaptcha_response\" value=\"\" \/>\n<\/fieldset>\n<div style=\"margin-top:20px; padding:20px; background:#fff;\">\n\t<p style=\"text-align:center; font-weight:700;\"><strong><span style=\"color:#ed0707\">SE VUOI INVIARE LA TUA PREGHIERA ALLE MISSIONARIE DELL'IMMACOLATA<\/span><\/strong><br \/>\nCompila questo formulario<br \/>\n<span style=\"font-size:12px\">I campi contrassegnati con * sono obbligatori<\/span>\n\t<\/p>\n\t<div class=\"clear\" style=\"margin-top:30px;\">\n\t\t<p class=\"col-md-6\"><span class=\"wpcf7-form-control-wrap\" data-name=\"nome\"><input size=\"40\" maxlength=\"400\" class=\"wpcf7-form-control wpcf7-text wpcf7-validates-as-required\" aria-required=\"true\" aria-invalid=\"false\" placeholder=\"Nome *\" value=\"\" type=\"text\" name=\"nome\" \/><\/span>\n\t\t<\/p>\n\t\t<p class=\"col-md-6\"><span class=\"wpcf7-form-control-wrap\" data-name=\"cognome\"><input size=\"40\" maxlength=\"400\" class=\"wpcf7-form-control wpcf7-text wpcf7-validates-as-required\" aria-required=\"true\" aria-invalid=\"false\" placeholder=\"Cognome *\" value=\"\" type=\"text\" name=\"cognome\" \/><\/span>\n\t\t<\/p>\n\t<\/div>\n\t<div class=\"clear\">\n\t\t<p class=\"col-md-12\"><span class=\"wpcf7-form-control-wrap\" data-name=\"email\"><input size=\"40\" maxlength=\"400\" class=\"wpcf7-form-control wpcf7-email wpcf7-validates-as-required wpcf7-text wpcf7-validates-as-email\" aria-required=\"true\" aria-invalid=\"false\" placeholder=\"Email *\" value=\"\" type=\"email\" name=\"email\" \/><\/span>\n\t\t<\/p>\n\t<\/div>\n\t<div class=\"clear\">\n\t\t<p class=\"col-md-3\"><span class=\"wpcf7-form-control-wrap\" data-name=\"via\"><input size=\"40\" maxlength=\"400\" class=\"wpcf7-form-control wpcf7-text\" aria-invalid=\"false\" placeholder=\"Via\" value=\"\" type=\"text\" name=\"via\" \/><\/span>\n\t\t<\/p>\n\t\t<p class=\"col-md-3\"><span class=\"wpcf7-form-control-wrap\" data-name=\"cap\"><input class=\"wpcf7-form-control wpcf7-number wpcf7-validates-as-number\" aria-invalid=\"false\" placeholder=\"CAP\" value=\"\" type=\"number\" name=\"cap\" \/><\/span>\n\t\t<\/p>\n\t\t<p class=\"col-md-3\"><span class=\"wpcf7-form-control-wrap\" data-name=\"citta\"><input size=\"40\" maxlength=\"400\" class=\"wpcf7-form-control wpcf7-text\" aria-invalid=\"false\" placeholder=\"Citt\u00e0\" value=\"\" type=\"text\" name=\"citta\" \/><\/span>\n\t\t<\/p>\n\t\t<p class=\"col-md-3\"><span class=\"wpcf7-form-control-wrap\" data-name=\"provincia\"><input size=\"40\" maxlength=\"400\" class=\"wpcf7-form-control wpcf7-text\" aria-invalid=\"false\" placeholder=\"Provincia\" value=\"\" type=\"text\" name=\"provincia\" \/><\/span>\n\t\t<\/p>\n\t<\/div>\n\t<p class=\"col-md-12\"><span class=\"wpcf7-form-control-wrap\" data-name=\"preghiera\"><textarea cols=\"40\" rows=\"10\" maxlength=\"2000\" class=\"wpcf7-form-control wpcf7-textarea wpcf7-validates-as-required\" aria-required=\"true\" aria-invalid=\"false\" placeholder=\"Scrivi qui la tua preghiera *\" name=\"preghiera\"><\/textarea><\/span>\n\t<\/p>\n\t<p class=\"col-md-12\" style=\"margin-top:20px; margin-bottom:20px;\">\n\t\n\t<\/p>\n\t<p class=\"col-md-12\" style=\"font-size:12px;\"><span class=\"wpcf7-form-control-wrap\" data-name=\"trattamento\"><span class=\"wpcf7-form-control wpcf7-acceptance\"><span class=\"wpcf7-list-item\"><input type=\"checkbox\" name=\"trattamento\" value=\"1\" aria-invalid=\"false\" \/><\/span><\/span><\/span> Accetto il trattamento dei dati nel rispetto delle regole stabilite dalla legislazione sulla Privacy e come evidenziato nel documento <a href=\"\/privacy-policy\/\" target=\"_blank\">Informativa per il trattamento dei dati personali<\/a> di cui ho preso visione (\u00e8 necessario selezionare la casella per poter inviare la preghiera)\n\t<\/p>\n\t<p style=\"text-align:center;\"><input class=\"wpcf7-form-control wpcf7-submit has-spinner\" type=\"submit\" value=\"Invia\" \/>\n\t<\/p>\n<\/div><p style=\"display: none !important;\" class=\"akismet-fields-container\" data-prefix=\"_wpcf7_ak_\"><label>&#916;<textarea name=\"_wpcf7_ak_hp_textarea\" cols=\"45\" rows=\"8\" maxlength=\"100\"><\/textarea><\/label><input type=\"hidden\" id=\"ak_js_1\" name=\"_wpcf7_ak_js\" value=\"89\"\/><script type=\"text\/javascript\">\n\/* <![CDATA[ *\/\ndocument.getElementById( \"ak_js_1\" ).setAttribute( \"value\", ( new Date() ).getTime() );\n\/* ]]> *\/\n<\/script>\n<\/p><div class=\"wpcf7-response-output\" aria-hidden=\"true\"><\/div>\n<\/form>\n<\/div>\n[\/vc_column][\/vc_row]<\/p>\n<\/div>","protected":false},"excerpt":{"rendered":"<p>[vc_row padding_top=&#8221;20&#8243; padding_bottom=&#8221;20&#8243;][vc_column][vc_custom_heading text=&#8221;REZE CONOSCO&#8221; font_container=&#8221;tag:h2|font_size:30px|text_align:center|color:%23eb0707|line_height:36px&#8221; google_fonts=&#8221;font_family:Shadows%20Into%20Light%20Two%3Aregular|font_style:400%20regular%3A400%3Anormal&#8221;][vc_column_text]Todos os dias as MdI espalhadas nos v\u00e1rios continentes recitam esta ora\u00e7\u00e3o pedindo ao Pai para que seu Amor, revelado em Jesus Cristo, seja experimentado por todos os homens e mulheres do mundo e que n\u00e3o faltem oper\u00e1rios para a Sua messe. Una-se a n\u00f3s rezando\u2026 A Ora\u00e7\u00e3o mission\u00e1ria \u00d3 Deus que desejais alcancem todos os povos a salva\u00e7\u00e3o e cheguem ao conhecimento da vossa Palavra; enviai, n\u00f3s vos pedimos, mulheres e homens ardorosos que anunciem com f\u00e9, esperan\u00e7a e amor a Boa Nova de Jesus, a fim de que a sua mensagem seja divulgada e vivida e assim todas as na\u00e7\u00f5es saibam que sois o Deus da vida, Vos pedimos por Jesus vosso Filho e nosso Senhor, o mission\u00e1rio que enviastes; pelo Esp\u00edrito Santo, o protagonista da miss\u00e3o e atrav\u00e9s de Maria, a Estrela da evangeliza\u00e7\u00e3o. Am\u00e9m. [\/vc_column_text][\/vc_column][\/vc_row][vc_row padding_top=&#8221;20&#8243; padding_bottom=&#8221;20&#8243;][vc_column][vc_custom_heading text=&#8221;ESCREVA SUA ORA\u00c7\u00c3O&#8221; font_container=&#8221;tag:h2|text_align:center&#8221; use_theme_fonts=&#8221;yes&#8221;][vc_column_text]Ao preencher este formul\u00e1rio pode nos enviar sua inten\u00e7\u00e3o de ora\u00e7\u00e3o para pedir uma gra\u00e7a especial ou para voc\u00ea mesmo rezar para os mission\u00e1rios e mission\u00e1rias presentes ao redor do mundo. Apresentaremos todas as inten\u00e7\u00f5es durante a celebra\u00e7\u00e3o eucaristica cotidiana e deixaremos as informa\u00e7\u00f5es que voc\u00ea nos enviou reservadas.[\/vc_column_text][\/vc_column][\/vc_row]<\/p>\n","protected":false},"author":14,"featured_media":0,"parent":0,"menu_order":0,"comment_status":"closed","ping_status":"closed","template":"","meta":{"_acf_changed":false,"googlesitekit_rrm_CAow8ovLDA:productID":"","footnotes":""},"class_list":["post-8829","page","type-page","status-publish","hentry"],"acf":[],"aioseo_notices":[],"jetpack_sharing_enabled":true,"_links":{"self":[{"href":"https:\/\/mdipime.org\/pt-br\/wp-json\/wp\/v2\/pages\/8829","targetHints":{"allow":["GET"]}}],"collection":[{"href":"https:\/\/mdipime.org\/pt-br\/wp-json\/wp\/v2\/pages"}],"about":[{"href":"https:\/\/mdipime.org\/pt-br\/wp-json\/wp\/v2\/types\/page"}],"author":[{"embeddable":true,"href":"https:\/\/mdipime.org\/pt-br\/wp-json\/wp\/v2\/users\/14"}],"replies":[{"embeddable":true,"href":"https:\/\/mdipime.org\/pt-br\/wp-json\/wp\/v2\/comments?post=8829"}],"version-history":[{"count":0,"href":"https:\/\/mdipime.org\/pt-br\/wp-json\/wp\/v2\/pages\/8829\/revisions"}],"wp:attachment":[{"href":"https:\/\/mdipime.org\/pt-br\/wp-json\/wp\/v2\/media?parent=8829"}],"curies":[{"name":"wp","href":"https:\/\/api.w.org\/{rel}","templated":true}]}}